{"id":187213,"date":"2024-11-06T20:47:18","date_gmt":"2024-11-06T19:47:18","guid":{"rendered":"https:\/\/huisartsenposttilburg.nl\/turkce\/sagl\u0131k-sikayetleri\/safra-tasi\/"},"modified":"2026-02-21T09:17:08","modified_gmt":"2026-02-21T08:17:08","slug":"safra-tasi","status":"publish","type":"complaint","link":"https:\/\/huisartsenposttilburg.nl\/tr\/sagl\u0131k-sikayetleri\/safra-tasi\/","title":{"rendered":"Safra ta\u015flar\u0131"},"featured_media":0,"menu_order":0,"template":"","meta":{"_acf_changed":false,"_trash_the_other_posts":false,"editor_notices":[]},"complaint_tag":[],"complaint_body_part":[],"complaint_age_group":[],"complaint_category":[],"class_list":["post-187213","complaint","type-complaint","status-publish","hentry"],"acf":{"short_description_title":"","short_description_content":"","tabs":[{"title":"Safra ta\u015flar\u0131 nedir?","content":"<p>Safra ta\u015flar\u0131 ta\u015fla\u015fm\u0131\u015f safradan olu\u015fur. Safra karaci\u011feriniz taraf\u0131ndan \u00fcretilir ve v\u00fccudunuzdaki ya\u011flar\u0131n yanmas\u0131na ve par\u00e7alanmas\u0131na neden olur. Bu, safra kesesinde depolanan kal\u0131n, koyu ye\u015fil bir s\u0131v\u0131d\u0131r. Bu karaci\u011ferinizin alt\u0131ndaki bir kese. Ya\u011fl\u0131 yiyecekler midenize girdi\u011finde, safra kesesi \u00fczerinden safra kanallar\u0131 arac\u0131l\u0131\u011f\u0131yla onikirikli cinsiyete pompalan\u0131r. Ya\u011f\u0131n par\u00e7aland\u0131\u011f\u0131 yer oras\u0131.<\/p>\n<p>Safra kesesinde \u00e7ok uzun s\u00fcre kald\u0131\u011f\u0131nda veya safra kesesinde enfeksiyon varsa, safra yo\u011funla\u015fabilir ve sonunda ta\u015fla\u015fabilir. Bu hemen belirtilere yol a\u00e7maz, ancak safra ta\u015flar\u0131 safra kanal\u0131nda s\u0131k\u0131\u015f\u0131rsa, kar\u0131n \u00fcst sa\u011f taraf\u0131nda \u015fiddetli a\u011fr\u0131ya neden olabilir.<\/p>\n<p>Safra ta\u015flar\u0131 \u015fekil ve boyut olarak farkl\u0131d\u0131r. \u00d6rne\u011fin, bezelye b\u00fcy\u00fckl\u00fc\u011f\u00fcnde olabilirler ama ayn\u0131 zamanda bir mermer b\u00fcy\u00fckl\u00fc\u011f\u00fcnde de olabilirler. Ayr\u0131ca yap\u0131 malzemesinden de farkl\u0131d\u0131rlar. Bunlar safra veya kolesterolden gelen boya taraf\u0131ndan biriktirilebilir. \u0130kincisi en yayg\u0131n olan\u0131d\u0131r.<\/p>\n<p>Safra ta\u015flar\u0131n\u0131z\u0131n geli\u015fimini hangi fakt\u00f6rlerin etkiledi\u011fi tam olarak bilinmemektedir. Bilinen \u015fey, kal\u0131tsall\u0131\u011f\u0131n, obezitenin, kad\u0131n hormonlar\u0131n\u0131n ve h\u0131zlanm\u0131\u015f kilo kayb\u0131n\u0131n etkili oldu\u011fudur.<\/p>\n"},{"title":"Safra ta\u015f\u0131 ile ilgili hangi belirtilerim var?","content":"<p>Safra ta\u015flar\u0131 ho\u015f olmayan belirtilere yol a\u00e7abilir. \u00d6rne\u011fin, \u015fu durumlardan muzdarip olabilirsiniz:<\/p>\n<ul>\n<li>Kar\u0131n \u00fcst sa\u011f taraf\u0131nda \u015fiddetli bir kramp (kolik a\u011fr\u0131s\u0131).<\/li>\n<li>Huzursuzluk. A\u011fr\u0131 y\u00fcz\u00fcnden art\u0131k hareketsiz oturamazs\u0131n.<\/li>\n<li>Sar\u0131l\u0131k.<\/li>\n<li>\u0130ltihaplanm\u0131\u015f bir pankreas.<\/li>\n<li>Mide bulant\u0131s\u0131.<\/li>\n<li>Ate\u015f.<\/li>\n<li>Renk de\u011fi\u015ftiren d\u0131\u015fk\u0131 ve idrar. \u0130drar\u0131n\u0131z koyu renkte.<\/li>\n<\/ul>\n"},{"title":"Safra ta\u015f\u0131 durumunda kendim ne yapabilirim?","content":"<p>Safra ta\u015flar\u0131 hakk\u0131nda kendiniz yapabilece\u011finiz pek bir \u015fey yok. Ancak, safra ta\u015flar\u0131n\u0131 m\u00fcmk\u00fcn oldu\u011funca \u00f6nlemek i\u00e7in a\u015fa\u011f\u0131daki tavsiyeleri takip edebilirsiniz:<\/p>\n<ul>\n<li>\u00c7e\u015fitli ve sa\u011fl\u0131kl\u0131 bir diyet edin. Tavsiye i\u00e7in voedingscentrum.nl<\/li>\n<li>Kiloluysan\u0131z yava\u015f yava\u015f kilo verin. \u00c7ok h\u0131zl\u0131 kilo vermek, safra ta\u015f\u0131 geli\u015fme riskini art\u0131r\u0131r.<\/li>\n<\/ul>\n<p>\u015eiddetli a\u011fr\u0131n\u0131z varsa, a\u011fr\u0131 kesici alman\u0131z\u0131 \u00f6neririz. \u00d6rne\u011fin bir naproksen, ibuprofen veya diklofenak\u0131 ele alal\u0131m. Kullanmadan \u00f6nce ambalaj bro\u015f\u00fcr\u00fcn\u00fc okuyun veya eczac\u0131dan tavsiye al\u0131n, \u00e7\u00fcnk\u00fc bu a\u011fr\u0131 kesiciler ho\u015f olmayan yan etkiler yaratabilir.<\/p>\n"},{"title":"Safra ta\u015f\u0131 i\u00e7in ne zaman doktora g\u00f6r\u00fcnmeliyim?","content":"<p>Safra ta\u015f\u0131 varsa veya \u015f\u00fcpheleniyorsan\u0131z, \u015fu durumlarda aile hekiminizle ileti\u015fime ge\u00e7melisiniz:<\/p>\n<ul>\n<li>\u015eiddetli a\u011fr\u0131 ataklar\u0131 ge\u00e7iriyorsunuz.<\/li>\n<li>Ac\u0131dan neredeyse hi\u00e7 yerinde duram\u0131yorsun.<\/li>\n<li>Ac\u0131ya ek olarak, kusuyor da olursun.<\/li>\n<li>Ate\u015fin oluyor.<\/li>\n<li>Ac\u0131, safra ta\u015flar\u0131 tedavisi g\u00f6rd\u00fckten sonra da devam eder.<\/li>\n<\/ul>\n<p>Aile hekimi, semptomlar\u0131n\u0131z\u0131n \u015fiddetini ki\u015fisel bir g\u00f6r\u00fc\u015fme yoluyla inceleyecek ve gerekirse sizi hastanedeki bir uzmana y\u00f6nlendirecektir. Orada doktor, kan\u0131n\u0131zdaki iltihap seviyelerini ve safra s\u0131v\u0131s\u0131 bo\u015falt\u0131s\u0131n\u0131n t\u0131kan\u0131kl\u0131\u011f\u0131 olup olmad\u0131\u011f\u0131n\u0131 belirlemek i\u00e7in kan testi yapacak. Daha sonra safra ta\u015flar\u0131n\u0131n nerede oldu\u011funu belirlemek i\u00e7in BT, MRI veya ultrason yap\u0131lacak.<\/p>\n<p>Sonra safra ta\u015flar\u0131 \u00e7\u0131kar\u0131l\u0131r ve bunu yapman\u0131n birka\u00e7 yolu vard\u0131r. Kullan\u0131lan teknik, safra ta\u015flar\u0131n\u0131n konumuna, boyutuna ve miktar\u0131na ba\u011fl\u0131d\u0131r. Safra ta\u015flar\u0131 safra kanal\u0131n\u0131zdaysa, ezilir veya ana safra kanal\u0131n\u0131zdan balonla s\u00fcp\u00fcr\u00fcl\u00fcr. Safra kesedeki safra ta\u015flar\u0131 her zaman ameliyatla \u00e7\u0131kar\u0131l\u0131r. Sonra t\u00fcm safra keseniz al\u0131n\u0131r.<\/p>\n<p>Safra ta\u015flar\u0131 genellikle tedavi edilebilir. Ancak, sizi \u00e7ok hasta edebilir. Bu nedenle, \u015f\u00fcpheniz varsa, gereksiz yere hasta kalmaman\u0131z i\u00e7in her zaman aile hekiminizle ileti\u015fime ge\u00e7menizi tavsiye ederiz.<\/p>\n"}],"original_post_id":"15_186","disable_sync":false},"yoast_head":"<!-- This site is optimized with the Yoast SEO plugin v26.6 - https:\/\/yoast.com\/wordpress\/plugins\/seo\/ -->\n<title>Safra ta\u015flar\u0131 - Huisartsenpost Tilburg - T\u00fcrk\u00e7e<\/title>\n<meta name=\"description\" content=\"Safra safra kesesinde \u00e7ok uzun s\u00fcre kal\u0131rsa veya enfeksiyon varsa, safra kesesindeki safra ta\u015fla\u015fabilir. Bunu nas\u0131l \u00f6nleyebilece\u011finizi buradan okuyun.\" \/>\n<meta name=\"robots\" content=\"index, follow, max-snippet:-1, max-image-preview:large, max-video-preview:-1\" \/>\n<link rel=\"canonical\" href=\"https:\/\/huisartsenposttilburg.nl\/tr\/sagl\u0131k-sikayetleri\/safra-tasi\/\" \/>\n<meta property=\"og:locale\" content=\"tr_TR\" \/>\n<meta property=\"og:type\" content=\"article\" \/>\n<meta property=\"og:title\" content=\"Safra ta\u015flar\u0131 - Huisartsenpost Tilburg - T\u00fcrk\u00e7e\" \/>\n<meta property=\"og:description\" content=\"Safra safra kesesinde \u00e7ok uzun s\u00fcre kal\u0131rsa veya enfeksiyon varsa, safra kesesindeki safra ta\u015fla\u015fabilir. Bunu nas\u0131l \u00f6nleyebilece\u011finizi buradan okuyun.\" \/>\n<meta property=\"og:url\" content=\"https:\/\/huisartsenposttilburg.nl\/tr\/sagl\u0131k-sikayetleri\/safra-tasi\/\" \/>\n<meta property=\"og:site_name\" content=\"Huisartsenpost Tilburg - T\u00fcrk\u00e7e\" \/>\n<meta property=\"article:modified_time\" content=\"2026-02-21T08:17:08+00:00\" \/>\n<meta name=\"twitter:card\" content=\"summary_large_image\" \/>\n<script type=\"application\/ld+json\" class=\"yoast-schema-graph\">{\"@context\":\"https:\/\/schema.org\",\"@graph\":[{\"@type\":\"WebPage\",\"@id\":\"https:\/\/huisartsenposttilburg.nl\/tr\/sagl\u0131k-sikayetleri\/safra-tasi\/\",\"url\":\"https:\/\/huisartsenposttilburg.nl\/tr\/sagl\u0131k-sikayetleri\/safra-tasi\/\",\"name\":\"Safra ta\u015flar\u0131 - Huisartsenpost Tilburg - T\u00fcrk\u00e7e\",\"isPartOf\":{\"@id\":\"https:\/\/huisartsenposttilburg.nl\/tr\/#website\"},\"datePublished\":\"2024-11-06T19:47:18+00:00\",\"dateModified\":\"2026-02-21T08:17:08+00:00\",\"description\":\"Safra safra kesesinde \u00e7ok uzun s\u00fcre kal\u0131rsa veya enfeksiyon varsa, safra kesesindeki safra ta\u015fla\u015fabilir. Bunu nas\u0131l \u00f6nleyebilece\u011finizi buradan okuyun.\",\"breadcrumb\":{\"@id\":\"https:\/\/huisartsenposttilburg.nl\/tr\/sagl\u0131k-sikayetleri\/safra-tasi\/#breadcrumb\"},\"inLanguage\":\"tr\",\"potentialAction\":[{\"@type\":\"ReadAction\",\"target\":[\"https:\/\/huisartsenposttilburg.nl\/tr\/sagl\u0131k-sikayetleri\/safra-tasi\/\"]}]},{\"@type\":\"BreadcrumbList\",\"@id\":\"https:\/\/huisartsenposttilburg.nl\/tr\/sagl\u0131k-sikayetleri\/safra-tasi\/#breadcrumb\",\"itemListElement\":[{\"@type\":\"ListItem\",\"position\":1,\"name\":\"Home\",\"item\":\"https:\/\/huisartsenposttilburg.nl\/tr\/\"},{\"@type\":\"ListItem\",\"position\":2,\"name\":\"Sa\u011fl\u0131k \u015fikayetleri\",\"item\":\"https:\/\/huisartsenposttilburg.nl\/tr\/sagl\u0131k-sikayetleri\/\"},{\"@type\":\"ListItem\",\"position\":3,\"name\":\"Safra ta\u015flar\u0131\"}]},{\"@type\":\"WebSite\",\"@id\":\"https:\/\/huisartsenposttilburg.nl\/tr\/#website\",\"url\":\"https:\/\/huisartsenposttilburg.nl\/tr\/\",\"name\":\"Huisartsenpost Tilburg - T\u00fcrk\u00e7e\",\"description\":\"\",\"potentialAction\":[{\"@type\":\"SearchAction\",\"target\":{\"@type\":\"EntryPoint\",\"urlTemplate\":\"https:\/\/huisartsenposttilburg.nl\/tr\/?s={search_term_string}\"},\"query-input\":{\"@type\":\"PropertyValueSpecification\",\"valueRequired\":true,\"valueName\":\"search_term_string\"}}],\"inLanguage\":\"tr\"}]}<\/script>\n<!-- \/ Yoast SEO plugin. -->","yoast_head_json":{"title":"Safra ta\u015flar\u0131 - Huisartsenpost Tilburg - T\u00fcrk\u00e7e","description":"Safra safra kesesinde \u00e7ok uzun s\u00fcre kal\u0131rsa veya enfeksiyon varsa, safra kesesindeki safra ta\u015fla\u015fabilir. Bunu nas\u0131l \u00f6nleyebilece\u011finizi buradan okuyun.","robots":{"index":"index","follow":"follow","max-snippet":"max-snippet:-1","max-image-preview":"max-image-preview:large","max-video-preview":"max-video-preview:-1"},"canonical":"https:\/\/huisartsenposttilburg.nl\/tr\/sagl\u0131k-sikayetleri\/safra-tasi\/","og_locale":"tr_TR","og_type":"article","og_title":"Safra ta\u015flar\u0131 - Huisartsenpost Tilburg - T\u00fcrk\u00e7e","og_description":"Safra safra kesesinde \u00e7ok uzun s\u00fcre kal\u0131rsa veya enfeksiyon varsa, safra kesesindeki safra ta\u015fla\u015fabilir. Bunu nas\u0131l \u00f6nleyebilece\u011finizi buradan okuyun.","og_url":"https:\/\/huisartsenposttilburg.nl\/tr\/sagl\u0131k-sikayetleri\/safra-tasi\/","og_site_name":"Huisartsenpost Tilburg - T\u00fcrk\u00e7e","article_modified_time":"2026-02-21T08:17:08+00:00","twitter_card":"summary_large_image","schema":{"@context":"https:\/\/schema.org","@graph":[{"@type":"WebPage","@id":"https:\/\/huisartsenposttilburg.nl\/tr\/sagl\u0131k-sikayetleri\/safra-tasi\/","url":"https:\/\/huisartsenposttilburg.nl\/tr\/sagl\u0131k-sikayetleri\/safra-tasi\/","name":"Safra ta\u015flar\u0131 - Huisartsenpost Tilburg - T\u00fcrk\u00e7e","isPartOf":{"@id":"https:\/\/huisartsenposttilburg.nl\/tr\/#website"},"datePublished":"2024-11-06T19:47:18+00:00","dateModified":"2026-02-21T08:17:08+00:00","description":"Safra safra kesesinde \u00e7ok uzun s\u00fcre kal\u0131rsa veya enfeksiyon varsa, safra kesesindeki safra ta\u015fla\u015fabilir. Bunu nas\u0131l \u00f6nleyebilece\u011finizi buradan okuyun.","breadcrumb":{"@id":"https:\/\/huisartsenposttilburg.nl\/tr\/sagl\u0131k-sikayetleri\/safra-tasi\/#breadcrumb"},"inLanguage":"tr","potentialAction":[{"@type":"ReadAction","target":["https:\/\/huisartsenposttilburg.nl\/tr\/sagl\u0131k-sikayetleri\/safra-tasi\/"]}]},{"@type":"BreadcrumbList","@id":"https:\/\/huisartsenposttilburg.nl\/tr\/sagl\u0131k-sikayetleri\/safra-tasi\/#breadcrumb","itemListElement":[{"@type":"ListItem","position":1,"name":"Home","item":"https:\/\/huisartsenposttilburg.nl\/tr\/"},{"@type":"ListItem","position":2,"name":"Sa\u011fl\u0131k \u015fikayetleri","item":"https:\/\/huisartsenposttilburg.nl\/tr\/sagl\u0131k-sikayetleri\/"},{"@type":"ListItem","position":3,"name":"Safra ta\u015flar\u0131"}]},{"@type":"WebSite","@id":"https:\/\/huisartsenposttilburg.nl\/tr\/#website","url":"https:\/\/huisartsenposttilburg.nl\/tr\/","name":"Huisartsenpost Tilburg - T\u00fcrk\u00e7e","description":"","potentialAction":[{"@type":"SearchAction","target":{"@type":"EntryPoint","urlTemplate":"https:\/\/huisartsenposttilburg.nl\/tr\/?s={search_term_string}"},"query-input":{"@type":"PropertyValueSpecification","valueRequired":true,"valueName":"search_term_string"}}],"inLanguage":"tr"}]}},"_links":{"self":[{"href":"https:\/\/huisartsenposttilburg.nl\/tr\/wp-json\/wp\/v2\/complaint\/187213","targetHints":{"allow":["GET"]}}],"collection":[{"href":"https:\/\/huisartsenposttilburg.nl\/tr\/wp-json\/wp\/v2\/complaint"}],"about":[{"href":"https:\/\/huisartsenposttilburg.nl\/tr\/wp-json\/wp\/v2\/types\/complaint"}],"wp:attachment":[{"href":"https:\/\/huisartsenposttilburg.nl\/tr\/wp-json\/wp\/v2\/media?parent=187213"}],"wp:term":[{"taxonomy":"complaint_tag","embeddable":true,"href":"https:\/\/huisartsenposttilburg.nl\/tr\/wp-json\/wp\/v2\/complaint_tag?post=187213"},{"taxonomy":"complaint_body_part","embeddable":true,"href":"https:\/\/huisartsenposttilburg.nl\/tr\/wp-json\/wp\/v2\/complaint_body_part?post=187213"},{"taxonomy":"complaint_age_group","embeddable":true,"href":"https:\/\/huisartsenposttilburg.nl\/tr\/wp-json\/wp\/v2\/complaint_age_group?post=187213"},{"taxonomy":"complaint_category","embeddable":true,"href":"https:\/\/huisartsenposttilburg.nl\/tr\/wp-json\/wp\/v2\/complaint_category?post=187213"}],"curies":[{"name":"wp","href":"https:\/\/api.w.org\/{rel}","templated":true}]}}