{"version":"1.0","provider_name":"Huisartsenpost Tilburg - Polski","provider_url":"https:\/\/huisartsenposttilburg.nl\/pl","author_name":"MINDD","author_url":"https:\/\/huisartsenposttilburg.nl\/pl\/nieuws\/author\/mindd-beheer\/","title":"Rozpocz\u0105\u0142 si\u0119 sezon na katar sienny i kleszcze - Huisartsenpost Tilburg - Polski","type":"rich","width":600,"height":338,"html":"<blockquote class=\"wp-embedded-content\" data-secret=\"JB4jJdfCBe\"><a href=\"https:\/\/huisartsenposttilburg.nl\/pl\/nieuws\/rozpoczal-sie-sezon-na-katar-sienny-i-kleszcze\/\">Rozpocz\u0105\u0142 si\u0119 sezon na katar sienny i kleszcze<\/a><\/blockquote><iframe sandbox=\"allow-scripts\" security=\"restricted\" src=\"https:\/\/huisartsenposttilburg.nl\/pl\/nieuws\/rozpoczal-sie-sezon-na-katar-sienny-i-kleszcze\/embed\/#?secret=JB4jJdfCBe\" width=\"600\" height=\"338\" title=\"&#8222;Rozpocz\u0105\u0142 si\u0119 sezon na katar sienny i kleszcze&#8221; &#8212; Huisartsenpost Tilburg - Polski\" data-secret=\"JB4jJdfCBe\" frameborder=\"0\" marginwidth=\"0\" marginheight=\"0\" scrolling=\"no\" class=\"wp-embedded-content\"><\/iframe><script>\n\/*! This file is auto-generated *\/\n!function(d,l){\"use strict\";l.querySelector&&d.addEventListener&&\"undefined\"!=typeof URL&&(d.wp=d.wp||{},d.wp.receiveEmbedMessage||(d.wp.receiveEmbedMessage=function(e){var t=e.data;if((t||t.secret||t.message||t.value)&&!\/[^a-zA-Z0-9]\/.test(t.secret)){for(var s,r,n,a=l.querySelectorAll('iframe[data-secret=\"'+t.secret+'\"]'),o=l.querySelectorAll('blockquote[data-secret=\"'+t.secret+'\"]'),c=new RegExp(\"^https?:$\",\"i\"),i=0;i<o.length;i++)o[i].style.display=\"none\";for(i=0;i<a.length;i++)s=a[i],e.source===s.contentWindow&&(s.removeAttribute(\"style\"),\"height\"===t.message?(1e3<(r=parseInt(t.value,10))?r=1e3:~~r<200&&(r=200),s.height=r):\"link\"===t.message&&(r=new URL(s.getAttribute(\"src\")),n=new URL(t.value),c.test(n.protocol))&&n.host===r.host&&l.activeElement===s&&(d.top.location.href=t.value))}},d.addEventListener(\"message\",d.wp.receiveEmbedMessage,!1),l.addEventListener(\"DOMContentLoaded\",function(){for(var e,t,s=l.querySelectorAll(\"iframe.wp-embedded-content\"),r=0;r<s.length;r++)(t=(e=s[r]).getAttribute(\"data-secret\"))||(t=Math.random().toString(36).substring(2,12),e.src+=\"#?secret=\"+t,e.setAttribute(\"data-secret\",t)),e.contentWindow.postMessage({message:\"ready\",secret:t},\"*\")},!1)))}(window,document);\n\/\/# sourceURL=https:\/\/huisartsenposttilburg.nl\/pl\/wp-includes\/js\/wp-embed.min.js\n<\/script>\n","thumbnail_url":"https:\/\/huisartsenposttilburg.nl\/pl\/wp-content\/uploads\/sites\/162\/2023\/05\/hooikoorts-min.jpg","thumbnail_width":1000,"thumbnail_height":662,"description":"Te miesi\u0105ce nie s\u0105 najprzyjemniejsze dla wielu os\u00f3b cierpi\u0105cych na katar sienny. W powietrzu unosi si\u0119 du\u017co py\u0142k\u00f3w z drzew, traw i ro\u015blin. W przypadku kataru siennego masz alergi\u0119 na py\u0142ki. Twoje b\u0142ony \u015bluzowe staj\u0105 si\u0119 podra\u017cnione, gdy ten py\u0142ek wejdzie w kontakt z oczami, nosem, ustami, gard\u0142em lub tchawic\u0105. Powoduje to takie objawy, jak [&hellip;]"}